{"id":590,"date":"2021-02-04T19:19:00","date_gmt":"2021-02-04T19:19:00","guid":{"rendered":"http:\/\/unisinos.br\/vidamigrante\/?post_type=modulos-aprendizagem&#038;p=590"},"modified":"2021-02-19T18:09:07","modified_gmt":"2021-02-19T18:09:07","slug":"modulo-4-trabalho-e-oportunidades-profissionais-pt","status":"publish","type":"modulos-aprendizagem","link":"https:\/\/unisinos.br\/vidamigrante\/modulos-aprendizagem\/modulo-4-trabalho-e-oportunidades-profissionais-pt","title":{"rendered":"M\u00f3dulo 4: trabajo y oportunidades profesionales (ES)"},"content":{"rendered":"\n<p>O M\u00f3dulo 4 tiene el objetivo de trabajar con situaciones relacionadas a empleos y oportunidades de trabajo. A lo largo del M\u00f3dulo, abordamos algunas situaciones de interacciones que involucran vacantes de trabajo y procesos de selecci\u00f3n para contrataci\u00f3n de funcionarios y funcionarias. Compartiremos tambi\u00e9n aspectos ling\u00fc\u00edsticos y culturales que pueden ayudar al alumno\/ la alumna a hablar sobre s\u00ed mismo y sus experiencias profesionales en portugu\u00e9s, expectativas y atribuciones relacionadas a vacantes de empleo, procesos de selecci\u00f3n, elaboraciones y env\u00edo de curr\u00edculos y otras formas de comunicaci\u00f3n que envuelven estas situaciones, tanto por correo como por WhatsApp.<\/p>\n\n\n\n<figure class=\"wp-block-pullquote\"><blockquote><p>El M\u00f3dulo 4 est\u00e1 compuesto por 4 video clases y por actividades disponibles en pdf que pueden ser realizadas por los alumnos para practicar la lengua. Las actividades incluyen respuestas comentadas.<\/p><\/blockquote><\/figure>\n\n\n\n<figure class=\"wp-block-embed is-type-video is-provider-youtube wp-block-embed-youtube wp-embed-aspect-16-9 wp-has-aspect-ratio\"><div class=\"wp-block-embed__wrapper\">\n<iframe title=\"M\u00d3DULO 4: TRABALHO E OPORTUNIDADES PROFISSIONAIS \/\/ Videoaula 1 - Temos Vagas\" width=\"800\" height=\"450\" src=\"https:\/\/www.youtube.com\/embed\/MU6q-yP0on4?feature=oembed\" frameborder=\"0\" allow=\"accelerometer; autoplay; clipboard-write; encrypted-media; gyroscope; picture-in-picture\" allowfullscreen><\/iframe>\n<\/div><\/figure>\n\n\n\n<p class=\"has-text-align-center\">V\u00eddeo 1: <strong>Temos vagas<\/strong><\/p>\n\n\n\n<div style=\"height:60px\" aria-hidden=\"true\" class=\"wp-block-spacer\"><\/div>\n\n\n\n<figure class=\"wp-block-embed is-type-video is-provider-youtube wp-block-embed-youtube wp-embed-aspect-16-9 wp-has-aspect-ratio\"><div class=\"wp-block-embed__wrapper\">\n<iframe title=\"M\u00d3DULO 4: TRABALHO E OPORTUNIDADES PROFISSIONAIS \/\/ Videoaula 2 - Minha rotina de trabalho\" width=\"800\" height=\"450\" src=\"https:\/\/www.youtube.com\/embed\/_Suu-3qp-4k?feature=oembed\" frameborder=\"0\" allow=\"accelerometer; autoplay; clipboard-write; encrypted-media; gyroscope; picture-in-picture\" allowfullscreen><\/iframe>\n<\/div><\/figure>\n\n\n\n<p class=\"has-text-align-center\">V\u00eddeo 2: <strong>Minha rotina de trabalho<\/strong><\/p>\n\n\n\n<div style=\"height:60px\" aria-hidden=\"true\" class=\"wp-block-spacer\"><\/div>\n\n\n\n<figure class=\"wp-block-embed is-type-video is-provider-youtube wp-block-embed-youtube wp-embed-aspect-16-9 wp-has-aspect-ratio\"><div class=\"wp-block-embed__wrapper\">\n<iframe title=\"M\u00d3DULO 4: TRABALHO E OPORTUNIDADES PROFISSIONAIS \/\/ Videoaula 3 - Posso lhe entregar o meu curr\u00edculo\" width=\"800\" height=\"450\" src=\"https:\/\/www.youtube.com\/embed\/pK8d0ggXymY?feature=oembed\" frameborder=\"0\" allow=\"accelerometer; autoplay; clipboard-write; encrypted-media; gyroscope; picture-in-picture\" allowfullscreen><\/iframe>\n<\/div><\/figure>\n\n\n\n<p class=\"has-text-align-center\">V\u00eddeo 3: <strong>Posso lhe entregar meu curr\u00edculo?<\/strong><\/p>\n\n\n\n<div style=\"height:60px\" aria-hidden=\"true\" class=\"wp-block-spacer\"><\/div>\n\n\n\n<figure class=\"wp-block-embed is-type-video is-provider-youtube wp-block-embed-youtube wp-embed-aspect-16-9 wp-has-aspect-ratio\"><div class=\"wp-block-embed__wrapper\">\n<iframe title=\"M\u00d3DULO 4: TRABALHO E OPORTUNIDADES PROFISSIONAIS \/\/ Videoaula 4 - Ele me passou o seu contato\" width=\"800\" height=\"450\" src=\"https:\/\/www.youtube.com\/embed\/91qgM2n1-3I?feature=oembed\" frameborder=\"0\" allow=\"accelerometer; autoplay; clipboard-write; encrypted-media; gyroscope; picture-in-picture\" allowfullscreen><\/iframe>\n<\/div><\/figure>\n\n\n\n<p class=\"has-text-align-center\">V\u00eddeo 4: <strong>Ele me passou seu contato<\/strong><\/p>\n\n\n\n<div style=\"height:60px\" aria-hidden=\"true\" class=\"wp-block-spacer\"><\/div>\n\n\n\n<div class=\"wp-block-buttons is-layout-flex wp-block-buttons-is-layout-flex\">\n<div class=\"wp-block-button\"><a class=\"wp-block-button__link has-white-color has-vivid-cyan-blue-background-color has-text-color has-background\" href=\"http:\/\/unisinos.br\/vidamigrante\/wp-content\/uploads\/2021\/02\/atividades-modulo-4.pdf\" target=\"_blank\" rel=\"noreferrer noopener\">Descarga los ejercicios comentados (.pdf)<\/a><\/div>\n<\/div>\n\n\n\n<div style=\"height:60px\" aria-hidden=\"true\" class=\"wp-block-spacer\"><\/div>\n\n\n\n<p><strong>Competencias<\/strong>:<\/p>\n\n\n\n<ul class=\"wp-block-list\"><li>Familiarizarse a pr\u00e1cticas sociales relativas al trabajo y a la b\u00fasqueda y creaci\u00f3n de oportunidades de trabajo, vacantes de empleo, entrevistas de empleo.<\/li><li>Saber presentarse, hablar sobre sus experiencias profesionales previas, describir sus competencias y habilidades y demostrar sus intereses.<\/li><li>Prepararse para situaciones que involucren contrataci\u00f3n de profesionales.<\/li><li>Conocer vocabulario y estructuras ling\u00fc\u00edsticas espec\u00edficas relacionadas con esos contextos situados, en una perspectiva de lengua como pr\u00e1ctica social.<\/li><\/ul>\n\n\n\n<p><strong>Contenidos<\/strong>:<\/p>\n\n\n\n<ul class=\"wp-block-list\"><li>Vocabulario espec\u00edfico relativo al \u00e1rea de trabajo y a profesiones.<\/li><li>Verbos en pasado para hablar sobre sus experiencias profesionales previas.<\/li><li>Estructuras ling\u00fc\u00edsticas envolviendo descripci\u00f3n de habilidades y competencias personales.<\/li><li>Recursos ling\u00fc\u00edsticos para expresar intenciones y expectativas con relaci\u00f3n al futuro.<\/li><\/ul>\n","protected":false},"featured_media":0,"template":"","class_list":["post-590","modulos-aprendizagem","type-modulos-aprendizagem","status-publish","hentry"],"_links":{"self":[{"href":"https:\/\/unisinos.br\/vidamigrante\/wp-json\/wp\/v2\/modulos-aprendizagem\/590","targetHints":{"allow":["GET"]}}],"collection":[{"href":"https:\/\/unisinos.br\/vidamigrante\/wp-json\/wp\/v2\/modulos-aprendizagem"}],"about":[{"href":"https:\/\/unisinos.br\/vidamigrante\/wp-json\/wp\/v2\/types\/modulos-aprendizagem"}],"version-history":[{"count":12,"href":"https:\/\/unisinos.br\/vidamigrante\/wp-json\/wp\/v2\/modulos-aprendizagem\/590\/revisions"}],"predecessor-version":[{"id":897,"href":"https:\/\/unisinos.br\/vidamigrante\/wp-json\/wp\/v2\/modulos-aprendizagem\/590\/revisions\/897"}],"wp:attachment":[{"href":"https:\/\/unisinos.br\/vidamigrante\/wp-json\/wp\/v2\/media?parent=590"}],"curies":[{"name":"wp","href":"https:\/\/api.w.org\/{rel}","templated":true}]}}