{"id":38,"date":"2016-07-18T20:54:08","date_gmt":"2016-07-18T23:54:08","guid":{"rendered":"https:\/\/webhomserverphp82.asav.org.br\/cidadania\/?page_id=38"},"modified":"2019-08-21T15:19:33","modified_gmt":"2019-08-21T18:19:33","slug":"cidadania-em-foco","status":"publish","type":"page","link":"https:\/\/unisinos.br\/cidadania\/cidadania-em-foco\/","title":{"rendered":"CIDADANIA EM FOCO"},"content":{"rendered":"<div class=\"fusion-fullwidth fullwidth-box fusion-builder-row-1 hundred-percent-fullwidth non-hundred-percent-height-scrolling\" style=\"--awb-border-radius-top-left:0px;--awb-border-radius-top-right:0px;--awb-border-radius-bottom-right:0px;--awb-border-radius-bottom-left:0px;--awb-overflow:visible;--awb-flex-wrap:wrap;\" ><div class=\"fusion-builder-row fusion-row\"><div class=\"fusion-layout-column fusion_builder_column fusion-builder-column-0 fusion_builder_column_1_1 1_1 fusion-one-full fusion-column-first fusion-column-last\" style=\"--awb-bg-size:cover;\"><div class=\"fusion-column-wrapper fusion-flex-column-wrapper-legacy\"><style type='text\/css'>.reading-box-container-1 .element-bottomshadow:before,.reading-box-container-1 .element-bottomshadow:after{opacity:0.1;}<\/style><div class=\"fusion-reading-box-container reading-box-container-1\" style=\"--awb-title-color:#333333;--awb-margin-top:0px;--awb-margin-bottom:84px;\"><div class=\"reading-box element-bottomshadow\" style=\"background-color:description=;border-width:1px;border-color:#e5e4e4;border-left-width:3px;border-left-color:var(--primary_color);border-style:solid;\"><a class=\"button fusion-button button-default fusion-button-large button-large button-flat fusion-desktop-button fusion-tagline-button continue fusion-desktop-button-margin continue-right\" style=\"-webkit-box-shadow:none;-moz-box-shadow:none;box-shadow:none;border-radius:0px 0px 0px 0px\" href=\"https:\/\/webhomserverphp82.asav.org.br\/cidadania\/producao-cientifica\/\" target=\"_self\"><span>Saiba mais<\/span><\/a><h2>Produ\u00e7\u00e3o Cient\u00edfica<\/h2><div class=\"reading-box-description fusion-reading-box-additional\">A cidade de S\u00e3o Leopoldo-RS, conta na sua estrutura s\u00e9rios problemas sociais, tais como falta de aparelhos do Estado, na \u00e1rea da sa\u00fade, educa\u00e7\u00e3o, idosos e lazer. (Cidadania.Comunidade)<\/div><div class=\"fusion-clearfix\"><\/div><a class=\"button fusion-button button-default fusion-button-large button-large button-flat fusion-mobile-button continue-right\" style=\"-webkit-box-shadow:none;-moz-box-shadow:none;box-shadow:none;border-radius:0px 0px 0px 0px\" href=\"https:\/\/webhomserverphp82.asav.org.br\/cidadania\/producao-cientifica\/\" target=\"_self\"><span>Saiba mais<\/span><\/a><\/div><\/div><div class=\"fusion-blog-shortcode fusion-blog-shortcode-1 fusion-blog-archive fusion-blog-layout-grid-wrapper fusion-blog-pagination\"><style type=\"text\/css\">.fusion-blog-shortcode-1 .fusion-blog-layout-grid .fusion-post-grid{padding:20px;}.fusion-blog-shortcode-1 .fusion-posts-container{margin-left: -20px !important; margin-right:-20px !important;}<\/style><div class=\"fusion-posts-container fusion-posts-container-pagination fusion-blog-rollover fusion-blog-layout-grid fusion-blog-layout-grid-3 isotope\" data-pages=\"14\" data-grid-col-space=\"40\" style=\"margin: -20px -20px 0;min-height:500px;\"><article id=\"blog-1-post-2848\" class=\"fusion-post-grid post-2848 post type-post status-publish format-standard hentry category-cidadania-em-foco category-uncategorized\">\n<div class=\"fusion-post-wrapper\" style=\"background-color:rgba(255,255,255,0);border:1px solid #ebeaea;border-bottom-width:3px;\">\n\n<div class=\"fusion-post-content-wrapper\" style=\"padding:30px 25px 20px 25px;\"><div class=\"fusion-post-content post-content\"><h2 class=\"blog-shortcode-post-title entry-title\"><a href=\"https:\/\/unisinos.br\/cidadania\/relatorio-dos-dialogos-desafios-e-perspectivas-das-politicas-publicas-para-populacao-em-situacao-de-rua\/\">RELAT\u00d3RIO DOS DI\u00c1LOGOS &#8220;DESAFIOS E PERSPECTIVAS DAS POL\u00cdTICAS P\u00daBLICAS PARA POPULA\u00c7\u00c3O EM SITUA\u00c7\u00c3O DE RUA&#8221;<\/a><\/h2><span class=\"vcard\" style=\"display: none;\"><span class=\"fn\"><a href=\"https:\/\/unisinos.br\/cidadania\/author\/ndadmin\/\" title=\"Posts de N\u00facleo Digital\" rel=\"author\">N\u00facleo Digital<\/a><\/span><\/span><span class=\"updated\" style=\"display:none;\">2023-12-11T16:54:38-03:00<\/span><div class=\"fusion-content-sep sep-double sep-solid\"><\/div><div class=\"fusion-post-content-container\"><p>Clique aqui para fazer download do documento.<\/p><\/div><\/div><div class=\"fusion-meta-info\"><div class=\"fusion-alignleft\"><a class=\"fusion-read-more\" href=\"https:\/\/unisinos.br\/cidadania\/relatorio-dos-dialogos-desafios-e-perspectivas-das-politicas-publicas-para-populacao-em-situacao-de-rua\/\" aria-label=\"More on RELAT\u00d3RIO DOS DI\u00c1LOGOS &#8220;DESAFIOS E PERSPECTIVAS DAS POL\u00cdTICAS P\u00daBLICAS PARA POPULA\u00c7\u00c3O EM SITUA\u00c7\u00c3O DE RUA&#8221;\">Read More<\/a><\/div><\/div><\/div><div class=\"fusion-clearfix\"><\/div><\/div>\n<\/article>\n<article id=\"blog-1-post-2844\" class=\"fusion-post-grid post-2844 post type-post status-publish format-standard hentry category-uncategorized\">\n<div class=\"fusion-post-wrapper\" style=\"background-color:rgba(255,255,255,0);border:1px solid #ebeaea;border-bottom-width:3px;\">\n\n<div class=\"fusion-post-content-wrapper\" style=\"padding:30px 25px 20px 25px;\"><div class=\"fusion-post-content post-content\"><h2 class=\"blog-shortcode-post-title entry-title\"><a href=\"https:\/\/unisinos.br\/cidadania\/sistematizacao-do-redao\/\">SISTEMATIZA\u00c7\u00c3O DO RED\u00c3O<\/a><\/h2><span class=\"vcard\" style=\"display: none;\"><span class=\"fn\"><a href=\"https:\/\/unisinos.br\/cidadania\/author\/ndadmin\/\" title=\"Posts de N\u00facleo Digital\" rel=\"author\">N\u00facleo Digital<\/a><\/span><\/span><span class=\"updated\" style=\"display:none;\">2023-12-11T14:58:23-03:00<\/span><div class=\"fusion-content-sep sep-double sep-solid\"><\/div><div class=\"fusion-post-content-container\"><p>Saiba mais sobre o Red\u00e3o.<\/p><\/div><\/div><div class=\"fusion-meta-info\"><div class=\"fusion-alignleft\"><a class=\"fusion-read-more\" href=\"https:\/\/unisinos.br\/cidadania\/sistematizacao-do-redao\/\" aria-label=\"More on SISTEMATIZA\u00c7\u00c3O DO RED\u00c3O\">Read More<\/a><\/div><\/div><\/div><div class=\"fusion-clearfix\"><\/div><\/div>\n<\/article>\n<article id=\"blog-1-post-2841\" class=\"fusion-post-grid post-2841 post type-post status-publish format-standard hentry category-cidadania-em-foco category-uncategorized\">\n<div class=\"fusion-post-wrapper\" style=\"background-color:rgba(255,255,255,0);border:1px solid #ebeaea;border-bottom-width:3px;\">\n\n<div class=\"fusion-post-content-wrapper\" style=\"padding:30px 25px 20px 25px;\"><div class=\"fusion-post-content post-content\"><h2 class=\"blog-shortcode-post-title entry-title\"><a href=\"https:\/\/unisinos.br\/cidadania\/afroteca-biblioteca-virtual-afrocentrada\/\">AFROTECA &#8211; BIBLIOTECA VIRTUAL AFROCENTRADA<\/a><\/h2><span class=\"vcard\" style=\"display: none;\"><span class=\"fn\"><a href=\"https:\/\/unisinos.br\/cidadania\/author\/ndadmin\/\" title=\"Posts de N\u00facleo Digital\" rel=\"author\">N\u00facleo Digital<\/a><\/span><\/span><span class=\"updated\" style=\"display:none;\">2023-12-11T16:37:08-03:00<\/span><div class=\"fusion-content-sep sep-double sep-solid\"><\/div><div class=\"fusion-post-content-container\"><p>Biblioteca Virtual Afrocentrada<\/p><\/div><\/div><div class=\"fusion-meta-info\"><div class=\"fusion-alignleft\"><a class=\"fusion-read-more\" href=\"https:\/\/unisinos.br\/cidadania\/afroteca-biblioteca-virtual-afrocentrada\/\" aria-label=\"More on AFROTECA &#8211; BIBLIOTECA VIRTUAL AFROCENTRADA\">Read More<\/a><\/div><\/div><\/div><div class=\"fusion-clearfix\"><\/div><\/div>\n<\/article>\n<article id=\"blog-1-post-2808\" class=\"fusion-post-grid post-2808 post type-post status-publish format-standard hentry category-cidadania-em-foco\">\n<div class=\"fusion-post-wrapper\" style=\"background-color:rgba(255,255,255,0);border:1px solid #ebeaea;border-bottom-width:3px;\">\n\n<div class=\"fusion-post-content-wrapper\" style=\"padding:30px 25px 20px 25px;\"><div class=\"fusion-post-content post-content\"><h2 class=\"blog-shortcode-post-title entry-title\"><a href=\"https:\/\/unisinos.br\/cidadania\/diagnostico-dos-impactos-do-ciclone\/\">DIAGN\u00d3STICO DOS IMPACTOS DO CICLONE<\/a><\/h2><span class=\"vcard\" style=\"display: none;\"><span class=\"fn\"><a href=\"https:\/\/unisinos.br\/cidadania\/author\/ndadmin\/\" title=\"Posts de N\u00facleo Digital\" rel=\"author\">N\u00facleo Digital<\/a><\/span><\/span><span class=\"updated\" style=\"display:none;\">2023-06-29T10:54:24-03:00<\/span><div class=\"fusion-content-sep sep-double sep-solid\"><\/div><div class=\"fusion-post-content-container\"><p>Saiba Mais sobre o ciclone que atingiu S\u00e3o Leopoldo dia 16.<\/p><\/div><\/div><div class=\"fusion-meta-info\"><div class=\"fusion-alignleft\"><a class=\"fusion-read-more\" href=\"https:\/\/unisinos.br\/cidadania\/diagnostico-dos-impactos-do-ciclone\/\" aria-label=\"More on DIAGN\u00d3STICO DOS IMPACTOS DO CICLONE\">Read More<\/a><\/div><\/div><\/div><div class=\"fusion-clearfix\"><\/div><\/div>\n<\/article>\n<article id=\"blog-1-post-2793\" class=\"fusion-post-grid post-2793 post type-post status-publish format-standard hentry category-cidadania-em-foco category-uncategorized\">\n<div class=\"fusion-post-wrapper\" style=\"background-color:rgba(255,255,255,0);border:1px solid #ebeaea;border-bottom-width:3px;\">\n\n<div class=\"fusion-post-content-wrapper\" style=\"padding:30px 25px 20px 25px;\"><div class=\"fusion-post-content post-content\"><h2 class=\"blog-shortcode-post-title entry-title\"><a href=\"https:\/\/unisinos.br\/cidadania\/calendario-negro-afroteca\/\">Calend\u00e1rio Negro + Afroteca<\/a><\/h2><span class=\"vcard\" style=\"display: none;\"><span class=\"fn\"><a href=\"https:\/\/unisinos.br\/cidadania\/author\/ndadmin\/\" title=\"Posts de N\u00facleo Digital\" rel=\"author\">N\u00facleo Digital<\/a><\/span><\/span><span class=\"updated\" style=\"display:none;\">2023-04-17T14:49:48-03:00<\/span><div class=\"fusion-content-sep sep-double sep-solid\"><\/div><div class=\"fusion-post-content-container\"><p>Calend\u00e1rio Negro 2023 \u00a0 Afroteca<\/p><\/div><\/div><div class=\"fusion-meta-info\"><div class=\"fusion-alignleft\"><a class=\"fusion-read-more\" href=\"https:\/\/unisinos.br\/cidadania\/calendario-negro-afroteca\/\" aria-label=\"More on Calend\u00e1rio Negro + Afroteca\">Read More<\/a><\/div><\/div><\/div><div class=\"fusion-clearfix\"><\/div><\/div>\n<\/article>\n<article id=\"blog-1-post-2789\" class=\"fusion-post-grid post-2789 post type-post status-publish format-standard hentry category-uncategorized\">\n<div class=\"fusion-post-wrapper\" style=\"background-color:rgba(255,255,255,0);border:1px solid #ebeaea;border-bottom-width:3px;\">\n\n<div class=\"fusion-post-content-wrapper\" style=\"padding:30px 25px 20px 25px;\"><div class=\"fusion-post-content post-content\"><h2 class=\"blog-shortcode-post-title entry-title\"><a href=\"https:\/\/unisinos.br\/cidadania\/acolhimento-reordenamento-plenaria-conjunta\/\">ACOLHIMENTO Reordenamento &#8211; Plen\u00e1ria Conjunta<\/a><\/h2><span class=\"vcard\" style=\"display: none;\"><span class=\"fn\"><a href=\"https:\/\/unisinos.br\/cidadania\/author\/ndadmin\/\" title=\"Posts de N\u00facleo Digital\" rel=\"author\">N\u00facleo Digital<\/a><\/span><\/span><span class=\"updated\" style=\"display:none;\">2022-09-13T10:33:40-03:00<\/span><div class=\"fusion-content-sep sep-double sep-solid\"><\/div><div class=\"fusion-post-content-container\"><p>Confira mais sobre Aqui<\/p><\/div><\/div><div class=\"fusion-meta-info\"><div class=\"fusion-alignleft\"><a class=\"fusion-read-more\" href=\"https:\/\/unisinos.br\/cidadania\/acolhimento-reordenamento-plenaria-conjunta\/\" aria-label=\"More on ACOLHIMENTO Reordenamento &#8211; Plen\u00e1ria Conjunta\">Read More<\/a><\/div><\/div><\/div><div class=\"fusion-clearfix\"><\/div><\/div>\n<\/article>\n<article id=\"blog-1-post-2786\" class=\"fusion-post-grid post-2786 post type-post status-publish format-standard hentry category-uncategorized\">\n<div class=\"fusion-post-wrapper\" style=\"background-color:rgba(255,255,255,0);border:1px solid #ebeaea;border-bottom-width:3px;\">\n\n<div class=\"fusion-post-content-wrapper\" style=\"padding:30px 25px 20px 25px;\"><div class=\"fusion-post-content post-content\"><h2 class=\"blog-shortcode-post-title entry-title\"><a href=\"https:\/\/unisinos.br\/cidadania\/sao-leo-mais-renda\/\">S\u00e3o Leo MAIS RENDA<\/a><\/h2><span class=\"vcard\" style=\"display: none;\"><span class=\"fn\"><a href=\"https:\/\/unisinos.br\/cidadania\/author\/ndadmin\/\" title=\"Posts de N\u00facleo Digital\" rel=\"author\">N\u00facleo Digital<\/a><\/span><\/span><span class=\"updated\" style=\"display:none;\">2022-09-13T10:31:49-03:00<\/span><div class=\"fusion-content-sep sep-double sep-solid\"><\/div><div class=\"fusion-post-content-container\"><p>Confira sobre o Programa Aqui<\/p><\/div><\/div><div class=\"fusion-meta-info\"><div class=\"fusion-alignleft\"><a class=\"fusion-read-more\" href=\"https:\/\/unisinos.br\/cidadania\/sao-leo-mais-renda\/\" aria-label=\"More on S\u00e3o Leo MAIS RENDA\">Read More<\/a><\/div><\/div><\/div><div class=\"fusion-clearfix\"><\/div><\/div>\n<\/article>\n<article id=\"blog-1-post-2779\" class=\"fusion-post-grid post-2779 post type-post status-publish format-standard has-post-thumbnail hentry category-uncategorized\">\n<div class=\"fusion-post-wrapper\" style=\"background-color:rgba(255,255,255,0);border:1px solid #ebeaea;border-bottom-width:3px;\">\n\n\t\t\t<div class=\"fusion-flexslider flexslider fusion-flexslider-loading fusion-post-slideshow\" style=\"border-color:#ebeaea;\">\n\t\t<ul class=\"slides\">\n\t\t\t\n\t\t\t\t\t\t\t\t\t\t\t\t\t\t<li><div  class=\"fusion-image-wrapper\" aria-haspopup=\"true\">\n\t\t\t\t<img decoding=\"async\" width=\"483\" height=\"609\" src=\"https:\/\/unisinos.br\/cidadania\/wp-content\/uploads\/2022\/08\/calendario-agosto.png\" class=\"attachment-full size-full wp-post-image\" alt=\"\" srcset=\"https:\/\/unisinos.br\/cidadania\/wp-content\/uploads\/2022\/08\/calendario-agosto-200x252.png 200w, https:\/\/unisinos.br\/cidadania\/wp-content\/uploads\/2022\/08\/calendario-agosto-400x504.png 400w, https:\/\/unisinos.br\/cidadania\/wp-content\/uploads\/2022\/08\/calendario-agosto.png 483w\" sizes=\"(min-width: 2200px) 100vw, (min-width: 784px) 340px, (min-width: 712px) 510px, (min-width: 640px) 712px, \" \/><div class=\"fusion-rollover\">\n\t<div class=\"fusion-rollover-content\">\n\n\t\t\t\t\t\t\t\t\t\t\t\t\t\t<a class=\"fusion-rollover-link\" href=\"https:\/\/unisinos.br\/cidadania\/encontro-mensal-agosto\/\">Encontro Mensal &#8211; Agosto<\/a>\n\t\t\t\n\t\t\t\t\t\t\t\t\t\t\t\t\t\t\n\t\t\t\t\t\t\t\t\n\t\t\t\t\t\t\t\t\t\t\t\t\t<div class=\"fusion-rollover-sep\"><\/div>\n\t\t\t\t\n\t\t\t\t\t\t\t\t\t\t\t\t\t\t\t\t\t\t<a class=\"fusion-rollover-gallery\" href=\"https:\/\/unisinos.br\/cidadania\/wp-content\/uploads\/2022\/08\/calendario-agosto.png\" data-id=\"2779\" data-rel=\"iLightbox[gallery]\" data-title=\"calendario-agosto\" data-caption=\"\">\n\t\t\t\t\t\tGaleria\t\t\t\t\t<\/a>\n\t\t\t\t\t\t\t\t\t\t\t\t\t\t\n\t\t\n\t\t\t\t\t\t\t\t\t\t\t\t<h4 class=\"fusion-rollover-title\">\n\t\t\t\t\t<a class=\"fusion-rollover-title-link\" href=\"https:\/\/unisinos.br\/cidadania\/encontro-mensal-agosto\/\">\n\t\t\t\t\t\tEncontro Mensal &#8211; Agosto\t\t\t\t\t<\/a>\n\t\t\t\t<\/h4>\n\t\t\t\n\t\t\t\t\t\t\t\t\t\t<div class=\"fusion-rollover-categories\"><a href=\"https:\/\/unisinos.br\/cidadania\/category\/uncategorized\/\" rel=\"tag\">Uncategorized<\/a><\/div>\t\t\t\t\t\n\t\t\n\t\t\t\t\t\t<a class=\"fusion-link-wrapper\" href=\"https:\/\/unisinos.br\/cidadania\/encontro-mensal-agosto\/\" aria-label=\"Encontro Mensal &#8211; Agosto\"><\/a>\n\t<\/div>\n<\/div>\n<\/div>\n<\/li>\n\t\t\t\n\t\t\t\n\t\t\t\t\t\t\t\t\t\t\t\t\t\t\t\t\t\t\t\t\t\t\t\t\t\t\t\t\t\t\t\t\t\t\t\t\t\t\t\t\t\t\t\t\t\t\t\t\t\t\t\t\t\t\t\t\t\t\t\t\t\t\t\t\t\t\t\t<\/ul>\n\t<\/div>\n\t<div class=\"fusion-post-content-wrapper\" style=\"padding:30px 25px 20px 25px;\"><div class=\"fusion-post-content post-content\"><h2 class=\"blog-shortcode-post-title entry-title\"><a href=\"https:\/\/unisinos.br\/cidadania\/encontro-mensal-agosto\/\">Encontro Mensal &#8211; Agosto<\/a><\/h2><span class=\"vcard\" style=\"display: none;\"><span class=\"fn\"><a href=\"https:\/\/unisinos.br\/cidadania\/author\/ndadmin\/\" title=\"Posts de N\u00facleo Digital\" rel=\"author\">N\u00facleo Digital<\/a><\/span><\/span><span class=\"updated\" style=\"display:none;\">2022-08-02T13:56:11-03:00<\/span><div class=\"fusion-content-sep sep-double sep-solid\"><\/div><div class=\"fusion-post-content-container\"><p><\/p><\/div><\/div><div class=\"fusion-meta-info\"><div class=\"fusion-alignleft\"><a class=\"fusion-read-more\" href=\"https:\/\/unisinos.br\/cidadania\/encontro-mensal-agosto\/\" aria-label=\"More on Encontro Mensal &#8211; Agosto\">Read More<\/a><\/div><\/div><\/div><div class=\"fusion-clearfix\"><\/div><\/div>\n<\/article>\n<article id=\"blog-1-post-2775\" class=\"fusion-post-grid post-2775 post type-post status-publish format-standard hentry category-cidadania-em-foco\">\n<div class=\"fusion-post-wrapper\" style=\"background-color:rgba(255,255,255,0);border:1px solid #ebeaea;border-bottom-width:3px;\">\n\n<div class=\"fusion-post-content-wrapper\" style=\"padding:30px 25px 20px 25px;\"><div class=\"fusion-post-content post-content\"><h2 class=\"blog-shortcode-post-title entry-title\"><a href=\"https:\/\/unisinos.br\/cidadania\/forca-tarefa-de-combate-aos-feminicidios-do-rio-grande-do-sul\/\">FOR\u00c7A-TAREFA DE COMBATE AOS FEMINIC\u00cdDIOS DO RIO GRANDE DO SUL<\/a><\/h2><span class=\"vcard\" style=\"display: none;\"><span class=\"fn\"><a href=\"https:\/\/unisinos.br\/cidadania\/author\/ndadmin\/\" title=\"Posts de N\u00facleo Digital\" rel=\"author\">N\u00facleo Digital<\/a><\/span><\/span><span class=\"updated\" style=\"display:none;\">2022-07-15T17:25:12-03:00<\/span><div class=\"fusion-content-sep sep-double sep-solid\"><\/div><div class=\"fusion-post-content-container\"><p>Clique AQUI para saber mais.<\/p><\/div><\/div><div class=\"fusion-meta-info\"><div class=\"fusion-alignleft\"><a class=\"fusion-read-more\" href=\"https:\/\/unisinos.br\/cidadania\/forca-tarefa-de-combate-aos-feminicidios-do-rio-grande-do-sul\/\" aria-label=\"More on FOR\u00c7A-TAREFA DE COMBATE AOS FEMINIC\u00cdDIOS DO RIO GRANDE DO SUL\">Read More<\/a><\/div><\/div><\/div><div class=\"fusion-clearfix\"><\/div><\/div>\n<\/article>\n<article id=\"blog-1-post-2770\" class=\"fusion-post-grid post-2770 post type-post status-publish format-standard hentry category-cidadania-em-foco\">\n<div class=\"fusion-post-wrapper\" style=\"background-color:rgba(255,255,255,0);border:1px solid #ebeaea;border-bottom-width:3px;\">\n\n<div class=\"fusion-post-content-wrapper\" style=\"padding:30px 25px 20px 25px;\"><div class=\"fusion-post-content post-content\"><h2 class=\"blog-shortcode-post-title entry-title\"><a href=\"https:\/\/unisinos.br\/cidadania\/dossie-feminicidio\/\">Dossi\u00ea Feminicidio<\/a><\/h2><span class=\"vcard\" style=\"display: none;\"><span class=\"fn\"><a href=\"https:\/\/unisinos.br\/cidadania\/author\/ndadmin\/\" title=\"Posts de N\u00facleo Digital\" rel=\"author\">N\u00facleo Digital<\/a><\/span><\/span><span class=\"updated\" style=\"display:none;\">2022-07-15T17:23:23-03:00<\/span><div class=\"fusion-content-sep sep-double sep-solid\"><\/div><div class=\"fusion-post-content-container\"><p>Clique aqui para saber mais<\/p><\/div><\/div><div class=\"fusion-meta-info\"><div class=\"fusion-alignleft\"><a class=\"fusion-read-more\" href=\"https:\/\/unisinos.br\/cidadania\/dossie-feminicidio\/\" aria-label=\"More on Dossi\u00ea Feminicidio\">Read More<\/a><\/div><\/div><\/div><div class=\"fusion-clearfix\"><\/div><\/div>\n<\/article>\n<article id=\"blog-1-post-2766\" class=\"fusion-post-grid post-2766 post type-post status-publish format-standard hentry category-uncategorized\">\n<div class=\"fusion-post-wrapper\" style=\"background-color:rgba(255,255,255,0);border:1px solid #ebeaea;border-bottom-width:3px;\">\n\n<div class=\"fusion-post-content-wrapper\" style=\"padding:30px 25px 20px 25px;\"><div class=\"fusion-post-content post-content\"><h2 class=\"blog-shortcode-post-title entry-title\"><a href=\"https:\/\/unisinos.br\/cidadania\/implantacao-de-novos-servicos-no-ambito-da-expansao-qualificada-dos-servicos-acolhimento-para-criancas-e-adolescentes-de-sao-leopoldo-rs\/\">Implanta\u00e7\u00e3o de novos servi\u00e7os no \u00e2mbito da expans\u00e3o qualificada dos servi\u00e7os acolhimento para crian\u00e7as e adolescentes de S\u00e3o Leopoldo\/RS<\/a><\/h2><span class=\"vcard\" style=\"display: none;\"><span class=\"fn\"><a href=\"https:\/\/unisinos.br\/cidadania\/author\/ndadmin\/\" title=\"Posts de N\u00facleo Digital\" rel=\"author\">N\u00facleo Digital<\/a><\/span><\/span><span class=\"updated\" style=\"display:none;\">2022-07-01T15:48:29-03:00<\/span><div class=\"fusion-content-sep sep-double sep-solid\"><\/div><div class=\"fusion-post-content-container\"><p>Clique AQUI para saber mais<\/p><\/div><\/div><div class=\"fusion-meta-info\"><div class=\"fusion-alignleft\"><a class=\"fusion-read-more\" href=\"https:\/\/unisinos.br\/cidadania\/implantacao-de-novos-servicos-no-ambito-da-expansao-qualificada-dos-servicos-acolhimento-para-criancas-e-adolescentes-de-sao-leopoldo-rs\/\" aria-label=\"More on Implanta\u00e7\u00e3o de novos servi\u00e7os no \u00e2mbito da expans\u00e3o qualificada dos servi\u00e7os acolhimento para crian\u00e7as e adolescentes de S\u00e3o Leopoldo\/RS\">Read More<\/a><\/div><\/div><\/div><div class=\"fusion-clearfix\"><\/div><\/div>\n<\/article>\n<article id=\"blog-1-post-2763\" class=\"fusion-post-grid post-2763 post type-post status-publish format-standard has-post-thumbnail hentry category-calendario\">\n<div class=\"fusion-post-wrapper\" style=\"background-color:rgba(255,255,255,0);border:1px solid #ebeaea;border-bottom-width:3px;\">\n\n\t\t\t<div class=\"fusion-flexslider flexslider fusion-flexslider-loading fusion-post-slideshow\" style=\"border-color:#ebeaea;\">\n\t\t<ul class=\"slides\">\n\t\t\t\n\t\t\t\t\t\t\t\t\t\t\t\t\t\t<li><div  class=\"fusion-image-wrapper\" aria-haspopup=\"true\">\n\t\t\t\t<img decoding=\"async\" width=\"381\" height=\"481\" src=\"https:\/\/unisinos.br\/cidadania\/wp-content\/uploads\/2022\/07\/calendario-julho.png\" class=\"attachment-full size-full wp-post-image\" alt=\"\" srcset=\"https:\/\/unisinos.br\/cidadania\/wp-content\/uploads\/2022\/07\/calendario-julho-200x252.png 200w, https:\/\/unisinos.br\/cidadania\/wp-content\/uploads\/2022\/07\/calendario-julho.png 381w\" sizes=\"(min-width: 2200px) 100vw, (min-width: 784px) 340px, (min-width: 712px) 510px, (min-width: 640px) 712px, \" \/><div class=\"fusion-rollover\">\n\t<div class=\"fusion-rollover-content\">\n\n\t\t\t\t\t\t\t\t\t\t\t\t\t\t<a class=\"fusion-rollover-link\" href=\"https:\/\/unisinos.br\/cidadania\/encontro-mensal-julho\/\">Encontro Mensal &#8211; Julho<\/a>\n\t\t\t\n\t\t\t\t\t\t\t\t\t\t\t\t\t\t\n\t\t\t\t\t\t\t\t\n\t\t\t\t\t\t\t\t\t\t\t\t\t<div class=\"fusion-rollover-sep\"><\/div>\n\t\t\t\t\n\t\t\t\t\t\t\t\t\t\t\t\t\t\t\t\t\t\t<a class=\"fusion-rollover-gallery\" href=\"https:\/\/unisinos.br\/cidadania\/wp-content\/uploads\/2022\/07\/calendario-julho.png\" data-id=\"2763\" data-rel=\"iLightbox[gallery]\" data-title=\"calendario-julho\" data-caption=\"\">\n\t\t\t\t\t\tGaleria\t\t\t\t\t<\/a>\n\t\t\t\t\t\t\t\t\t\t\t\t\t\t\n\t\t\n\t\t\t\t\t\t\t\t\t\t\t\t<h4 class=\"fusion-rollover-title\">\n\t\t\t\t\t<a class=\"fusion-rollover-title-link\" href=\"https:\/\/unisinos.br\/cidadania\/encontro-mensal-julho\/\">\n\t\t\t\t\t\tEncontro Mensal &#8211; Julho\t\t\t\t\t<\/a>\n\t\t\t\t<\/h4>\n\t\t\t\n\t\t\t\t\t\t\t\t\t\t<div class=\"fusion-rollover-categories\"><a href=\"https:\/\/unisinos.br\/cidadania\/category\/calendario\/\" rel=\"tag\">Calend\u00e1rio<\/a><\/div>\t\t\t\t\t\n\t\t\n\t\t\t\t\t\t<a class=\"fusion-link-wrapper\" href=\"https:\/\/unisinos.br\/cidadania\/encontro-mensal-julho\/\" aria-label=\"Encontro Mensal &#8211; Julho\"><\/a>\n\t<\/div>\n<\/div>\n<\/div>\n<\/li>\n\t\t\t\n\t\t\t\n\t\t\t\t\t\t\t\t\t\t\t\t\t\t\t\t\t\t\t\t\t\t\t\t\t\t\t\t\t\t\t\t\t\t\t\t\t\t\t\t\t\t\t\t\t\t\t\t\t\t\t\t\t\t\t\t\t\t\t\t\t\t\t\t\t\t\t\t<\/ul>\n\t<\/div>\n\t<div class=\"fusion-post-content-wrapper\" style=\"padding:30px 25px 20px 25px;\"><div class=\"fusion-post-content post-content\"><h2 class=\"blog-shortcode-post-title entry-title\"><a href=\"https:\/\/unisinos.br\/cidadania\/encontro-mensal-julho\/\">Encontro Mensal &#8211; Julho<\/a><\/h2><span class=\"vcard\" style=\"display: none;\"><span class=\"fn\"><a href=\"https:\/\/unisinos.br\/cidadania\/author\/ndadmin\/\" title=\"Posts de N\u00facleo Digital\" rel=\"author\">N\u00facleo Digital<\/a><\/span><\/span><span class=\"updated\" style=\"display:none;\">2022-07-01T15:43:06-03:00<\/span><div class=\"fusion-content-sep sep-double sep-solid\"><\/div><div class=\"fusion-post-content-container\"><p><\/p><\/div><\/div><div class=\"fusion-meta-info\"><div class=\"fusion-alignleft\"><a class=\"fusion-read-more\" href=\"https:\/\/unisinos.br\/cidadania\/encontro-mensal-julho\/\" aria-label=\"More on Encontro Mensal &#8211; Julho\">Read More<\/a><\/div><\/div><\/div><div class=\"fusion-clearfix\"><\/div><\/div>\n<\/article>\n<div class=\"fusion-clearfix\"><\/div><\/div><div class=\"pagination clearfix\"><span class=\"current\">1<\/span><a href=\"https:\/\/unisinos.br\/cidadania\/wp-json\/wp\/v2\/pages\/38\/page\/2\/\" class=\"inactive\">2<\/a><a class=\"pagination-next\" rel=\"next\" href=\"https:\/\/unisinos.br\/cidadania\/wp-json\/wp\/v2\/pages\/38\/page\/2\/\"><span class=\"page-text\">Pr\u00f3ximo<\/span><span class=\"page-next\"><\/span><\/a><\/div><div class=\"fusion-clearfix\"><\/div><\/div><div class=\"fusion-clearfix\"><\/div><\/div><\/div><\/div><\/div>\n","protected":false},"excerpt":{"rendered":"","protected":false},"author":1,"featured_media":0,"parent":0,"menu_order":0,"comment_status":"closed","ping_status":"closed","template":"","meta":{"_monsterinsights_skip_tracking":false,"_monsterinsights_sitenote_active":false,"_monsterinsights_sitenote_note":"","_monsterinsights_sitenote_category":0,"footnotes":""},"class_list":["post-38","page","type-page","status-publish","hentry"],"_links":{"self":[{"href":"https:\/\/unisinos.br\/cidadania\/wp-json\/wp\/v2\/pages\/38","targetHints":{"allow":["GET"]}}],"collection":[{"href":"https:\/\/unisinos.br\/cidadania\/wp-json\/wp\/v2\/pages"}],"about":[{"href":"https:\/\/unisinos.br\/cidadania\/wp-json\/wp\/v2\/types\/page"}],"author":[{"embeddable":true,"href":"https:\/\/unisinos.br\/cidadania\/wp-json\/wp\/v2\/users\/1"}],"replies":[{"embeddable":true,"href":"https:\/\/unisinos.br\/cidadania\/wp-json\/wp\/v2\/comments?post=38"}],"version-history":[{"count":14,"href":"https:\/\/unisinos.br\/cidadania\/wp-json\/wp\/v2\/pages\/38\/revisions"}],"predecessor-version":[{"id":1932,"href":"https:\/\/unisinos.br\/cidadania\/wp-json\/wp\/v2\/pages\/38\/revisions\/1932"}],"wp:attachment":[{"href":"https:\/\/unisinos.br\/cidadania\/wp-json\/wp\/v2\/media?parent=38"}],"curies":[{"name":"wp","href":"https:\/\/api.w.org\/{rel}","templated":true}]}}